{"id":3205,"date":"2021-06-18T12:31:54","date_gmt":"2021-06-18T10:31:54","guid":{"rendered":"https:\/\/turismelarapita.cat\/?page_id=3205"},"modified":"2021-06-18T12:35:15","modified_gmt":"2021-06-18T10:35:15","slug":"contacto","status":"publish","type":"page","link":"https:\/\/turismelarapita.cat\/es\/contacto\/","title":{"rendered":"Contacto"},"content":{"rendered":"\t\t<div data-elementor-type=\"wp-page\" data-elementor-id=\"3205\" data-post-id=\"3205\" data-obj-id=\"3205\" class=\"elementor elementor-3205 dce-elementor-post-3205 elementor-141\" data-elementor-settings=\"[]\">\n\t\t\t\t\t\t<div class=\"elementor-inner\">\n\t\t\t\t\t\t\t<div class=\"elementor-section-wrap\">\n\t\t\t\t\t\t\t<section class=\"elementor-section elementor-top-section elementor-element elementor-element-d180dcd elementor-section-boxed elementor-section-height-default elementor-section-height-default\" data-id=\"d180dcd\" data-element_type=\"section\">\n\t\t\t\t\t\t<div class=\"elementor-container elementor-column-gap-default\">\n\t\t\t\t\t\t\t<div class=\"elementor-row\">\n\t\t\t\t\t<div class=\"elementor-column elementor-col-100 elementor-top-column elementor-element elementor-element-f5c5f26\" data-id=\"f5c5f26\" data-element_type=\"column\">\n\t\t\t<div class=\"elementor-column-wrap elementor-element-populated\">\n\t\t\t\t\t\t\t<div class=\"elementor-widget-wrap\">\n\t\t\t\t\t\t<div class=\"elementor-element elementor-element-bd06573 elementor-widget elementor-widget-heading\" data-id=\"bd06573\" data-element_type=\"widget\" data-widget_type=\"heading.default\">\n\t\t\t\t<div class=\"elementor-widget-container\">\n\t\t\t<style>\/*! elementor - v3.5.1 - 20-12-2021 *\/\n.elementor-heading-title{padding:0;margin:0;line-height:1}.elementor-widget-heading .elementor-heading-title[class*=elementor-size-]>a{color:inherit;font-size:inherit;line-height:inherit}.elementor-widget-heading .elementor-heading-title.elementor-size-small{font-size:15px}.elementor-widget-heading .elementor-heading-title.elementor-size-medium{font-size:19px}.elementor-widget-heading .elementor-heading-title.elementor-size-large{font-size:29px}.elementor-widget-heading .elementor-heading-title.elementor-size-xl{font-size:39px}.elementor-widget-heading .elementor-heading-title.elementor-size-xxl{font-size:59px}<\/style><h1 class=\"elementor-heading-title elementor-size-default\">Contacto<\/h1>\t\t<\/div>\n\t\t\t\t<\/div>\n\t\t\t\t<div class=\"elementor-element elementor-element-45005e1 dce_masking-none elementor-widget elementor-widget-global elementor-global-276 elementor-widget-image\" data-id=\"45005e1\" data-element_type=\"widget\" data-widget_type=\"image.default\">\n\t\t\t\t<div class=\"elementor-widget-container\">\n\t\t\t<style>\/*! elementor - v3.5.1 - 20-12-2021 *\/\n.elementor-widget-image{text-align:center}.elementor-widget-image a{display:inline-block}.elementor-widget-image a img[src$=\".svg\"]{width:48px}.elementor-widget-image img{vertical-align:middle;display:inline-block}<\/style>\t\t\t\t\t<div class=\"elementor-image\">\n\t\t\t\t\t\t\t\t\t\t\t\t<img decoding=\"async\" width=\"1\" height=\"1\" src=\"https:\/\/turismelarapita.cat\/wp-content\/uploads\/2020\/11\/separacio-1.svg\" class=\"attachment-large size-large\" alt=\"\" loading=\"lazy\" \/>\t\t\t\t\t\t\t\t\t\t\t\t\t\t<\/div>\n\t\t\t\t\t\t<\/div>\n\t\t\t\t<\/div>\n\t\t\t\t\t\t<\/div>\n\t\t\t\t\t<\/div>\n\t\t<\/div>\n\t\t\t\t\t\t\t\t<\/div>\n\t\t\t\t\t<\/div>\n\t\t<\/section>\n\t\t\t\t<section class=\"elementor-section elementor-top-section elementor-element elementor-element-94da9e6 elementor-section-boxed elementor-section-height-default elementor-section-height-default\" data-id=\"94da9e6\" data-element_type=\"section\">\n\t\t\t\t\t\t<div class=\"elementor-container elementor-column-gap-default\">\n\t\t\t\t\t\t\t<div class=\"elementor-row\">\n\t\t\t\t\t<div class=\"elementor-column elementor-col-33 elementor-top-column elementor-element elementor-element-2cd4be3\" data-id=\"2cd4be3\" data-element_type=\"column\">\n\t\t\t<div class=\"elementor-column-wrap elementor-element-populated\">\n\t\t\t\t\t\t\t<div class=\"elementor-widget-wrap\">\n\t\t\t\t\t\t<div class=\"elementor-element elementor-element-fadb22e elementor-view-stacked elementor-position-left elementor-vertical-align-middle elementor-shape-circle elementor-widget elementor-widget-icon-box\" data-id=\"fadb22e\" data-element_type=\"widget\" data-widget_type=\"icon-box.default\">\n\t\t\t\t<div class=\"elementor-widget-container\">\n\t\t\t<style>\/*! elementor - v3.5.1 - 20-12-2021 *\/\n@media (min-width:768px){.elementor-widget-icon-box.elementor-position-left .elementor-icon-box-wrapper,.elementor-widget-icon-box.elementor-position-right .elementor-icon-box-wrapper{display:-webkit-box;display:-ms-flexbox;display:flex}.elementor-widget-icon-box.elementor-position-left .elementor-icon-box-icon,.elementor-widget-icon-box.elementor-position-right .elementor-icon-box-icon{display:-webkit-inline-box;display:-ms-inline-flexbox;display:inline-flex;-webkit-box-flex:0;-ms-flex:0 0 auto;flex:0 0 auto}.elementor-widget-icon-box.elementor-position-right .elementor-icon-box-wrapper{text-align:right;-webkit-box-orient:horizontal;-webkit-box-direction:reverse;-ms-flex-direction:row-reverse;flex-direction:row-reverse}.elementor-widget-icon-box.elementor-position-left .elementor-icon-box-wrapper{text-align:left;-webkit-box-orient:horizontal;-webkit-box-direction:normal;-ms-flex-direction:row;flex-direction:row}.elementor-widget-icon-box.elementor-position-top .elementor-icon-box-img{margin:auto}.elementor-widget-icon-box.elementor-vertical-align-top .elementor-icon-box-wrapper{-webkit-box-align:start;-ms-flex-align:start;align-items:flex-start}.elementor-widget-icon-box.elementor-vertical-align-middle .elementor-icon-box-wrapper{-webkit-box-align:center;-ms-flex-align:center;align-items:center}.elementor-widget-icon-box.elementor-vertical-align-bottom .elementor-icon-box-wrapper{-webkit-box-align:end;-ms-flex-align:end;align-items:flex-end}}@media (max-width:767px){.elementor-widget-icon-box .elementor-icon-box-icon{margin-left:auto!important;margin-right:auto!important;margin-bottom:15px}}.elementor-widget-icon-box .elementor-icon-box-wrapper{text-align:center}.elementor-widget-icon-box .elementor-icon-box-title a{color:inherit}.elementor-widget-icon-box .elementor-icon-box-content{-webkit-box-flex:1;-ms-flex-positive:1;flex-grow:1}.elementor-widget-icon-box .elementor-icon-box-description{margin:0}<\/style>\t\t<div class=\"elementor-icon-box-wrapper\">\n\t\t\t\t\t\t<div class=\"elementor-icon-box-icon\">\n\t\t\t\t<span class=\"elementor-icon elementor-animation-\" >\n\t\t\t\t<i aria-hidden=\"true\" class=\"fas fa-map-marker-alt\"><\/i>\t\t\t\t<\/span>\n\t\t\t<\/div>\n\t\t\t\t\t\t<div class=\"elementor-icon-box-content\">\n\t\t\t\t<h3 class=\"elementor-icon-box-title\">\n\t\t\t\t\t<span  >\n\t\t\t\t\t\tParc del Garb\u00ed s\/n 43540 Sant Carles de la R\u00e0pita\t\t\t\t\t<\/span>\n\t\t\t\t<\/h3>\n\t\t\t\t\t\t\t<\/div>\n\t\t<\/div>\n\t\t\t\t<\/div>\n\t\t\t\t<\/div>\n\t\t\t\t\t\t<\/div>\n\t\t\t\t\t<\/div>\n\t\t<\/div>\n\t\t\t\t<div class=\"elementor-column elementor-col-33 elementor-top-column elementor-element elementor-element-8c0b643\" data-id=\"8c0b643\" data-element_type=\"column\">\n\t\t\t<div class=\"elementor-column-wrap elementor-element-populated\">\n\t\t\t\t\t\t\t<div class=\"elementor-widget-wrap\">\n\t\t\t\t\t\t<div class=\"elementor-element elementor-element-f19f7b1 elementor-view-stacked elementor-position-left elementor-vertical-align-middle elementor-shape-circle elementor-widget elementor-widget-icon-box\" data-id=\"f19f7b1\" data-element_type=\"widget\" data-widget_type=\"icon-box.default\">\n\t\t\t\t<div class=\"elementor-widget-container\">\n\t\t\t\t\t<div class=\"elementor-icon-box-wrapper\">\n\t\t\t\t\t\t<div class=\"elementor-icon-box-icon\">\n\t\t\t\t<a class=\"elementor-icon elementor-animation-\" href=\"tel:+34977744624\">\n\t\t\t\t<i aria-hidden=\"true\" class=\"fas fa-phone-alt\"><\/i>\t\t\t\t<\/a>\n\t\t\t<\/div>\n\t\t\t\t\t\t<div class=\"elementor-icon-box-content\">\n\t\t\t\t<h3 class=\"elementor-icon-box-title\">\n\t\t\t\t\t<a href=\"tel:+34977744624\" >\n\t\t\t\t\t\t977 744 624\t\t\t\t\t<\/a>\n\t\t\t\t<\/h3>\n\t\t\t\t\t\t\t<\/div>\n\t\t<\/div>\n\t\t\t\t<\/div>\n\t\t\t\t<\/div>\n\t\t\t\t\t\t<\/div>\n\t\t\t\t\t<\/div>\n\t\t<\/div>\n\t\t\t\t<div class=\"elementor-column elementor-col-33 elementor-top-column elementor-element elementor-element-67d51b8\" data-id=\"67d51b8\" data-element_type=\"column\">\n\t\t\t<div class=\"elementor-column-wrap elementor-element-populated\">\n\t\t\t\t\t\t\t<div class=\"elementor-widget-wrap\">\n\t\t\t\t\t\t<div class=\"elementor-element elementor-element-3de4649 elementor-view-stacked elementor-position-left elementor-vertical-align-middle elementor-shape-circle elementor-widget elementor-widget-icon-box\" data-id=\"3de4649\" data-element_type=\"widget\" data-widget_type=\"icon-box.default\">\n\t\t\t\t<div class=\"elementor-widget-container\">\n\t\t\t\t\t<div class=\"elementor-icon-box-wrapper\">\n\t\t\t\t\t\t<div class=\"elementor-icon-box-icon\">\n\t\t\t\t<a class=\"elementor-icon elementor-animation-\" href=\"mailto:turisme@larapita.cat\">\n\t\t\t\t<i aria-hidden=\"true\" class=\"far fa-envelope-open\"><\/i>\t\t\t\t<\/a>\n\t\t\t<\/div>\n\t\t\t\t\t\t<div class=\"elementor-icon-box-content\">\n\t\t\t\t<h3 class=\"elementor-icon-box-title\">\n\t\t\t\t\t<a href=\"mailto:turisme@larapita.cat\" >\n\t\t\t\t\t\tturisme@larapita.cat\t\t\t\t\t<\/a>\n\t\t\t\t<\/h3>\n\t\t\t\t\t\t\t<\/div>\n\t\t<\/div>\n\t\t\t\t<\/div>\n\t\t\t\t<\/div>\n\t\t\t\t\t\t<\/div>\n\t\t\t\t\t<\/div>\n\t\t<\/div>\n\t\t\t\t\t\t\t\t<\/div>\n\t\t\t\t\t<\/div>\n\t\t<\/section>\n\t\t\t\t<section class=\"elementor-section elementor-top-section elementor-element elementor-element-b4585be elementor-section-boxed elementor-section-height-default elementor-section-height-default\" data-id=\"b4585be\" data-element_type=\"section\">\n\t\t\t\t\t\t<div class=\"elementor-container elementor-column-gap-default\">\n\t\t\t\t\t\t\t<div class=\"elementor-row\">\n\t\t\t\t\t<div class=\"elementor-column elementor-col-33 elementor-top-column elementor-element elementor-element-cc7b891\" data-id=\"cc7b891\" data-element_type=\"column\">\n\t\t\t<div class=\"elementor-column-wrap elementor-element-populated\">\n\t\t\t\t\t\t\t<div class=\"elementor-widget-wrap\">\n\t\t\t\t\t\t<div class=\"elementor-element elementor-element-789747e elementor-widget elementor-widget-heading\" data-id=\"789747e\" data-element_type=\"widget\" data-widget_type=\"heading.default\">\n\t\t\t\t<div class=\"elementor-widget-container\">\n\t\t\t<h2 class=\"elementor-heading-title elementor-size-default\">Horario de atenci\u00f3n al p\u00fablico<\/h2>\t\t<\/div>\n\t\t\t\t<\/div>\n\t\t\t\t<div class=\"elementor-element elementor-element-d1e42a8 elementor-widget elementor-widget-text-editor\" data-id=\"d1e42a8\" data-element_type=\"widget\" data-widget_type=\"text-editor.default\">\n\t\t\t\t<div class=\"elementor-widget-container\">\n\t\t\t<style>\/*! elementor - v3.5.1 - 20-12-2021 *\/\n.elementor-widget-text-editor.elementor-drop-cap-view-stacked .elementor-drop-cap{background-color:#818a91;color:#fff}.elementor-widget-text-editor.elementor-drop-cap-view-framed .elementor-drop-cap{color:#818a91;border:3px solid;background-color:transparent}.elementor-widget-text-editor:not(.elementor-drop-cap-view-default) .elementor-drop-cap{margin-top:8px}.elementor-widget-text-editor:not(.elementor-drop-cap-view-default) .elementor-drop-cap-letter{width:1em;height:1em}.elementor-widget-text-editor .elementor-drop-cap{float:left;text-align:center;line-height:1;font-size:50px}.elementor-widget-text-editor .elementor-drop-cap-letter{display:inline-block}<\/style>\t\t\t\t\t<div class=\"elementor-text-editor elementor-clearfix\">\n\t\t\t\t<p><strong>TEMPORADA BAJA<\/strong><span style=\"font-size: 15px; color: var( --e-global-color-text ); font-family: var( --e-global-typography-text-font-family ), Filson Pro;\"><strong>\u00a0<\/strong>(desde el lunes siguiente a la finalizaci\u00f3n de la fiesta de los Or\u00edgenes, el jueves previo a la Semana Santa (viernes anterior al Domingo de Ramos).<\/span><\/p><ul><li>De lunes a viernes de 09: 30h a 14: 00h y de 15: 00h a 17,30h<\/li><li>S\u00e1bados y domingos de 09: 30h a 14: 00h.<\/li><\/ul><p><strong>TEMPORADA MEDIA<\/strong> (desde el viernes anterior al Domingo de Ramos &#8211; Semana Santa- el segundo domingo de junio, inclusive. I del lunes de la tercera semana de septiembre (el inmediatamente posterior al fin de semana de la Diada de Catalu\u00f1a) hasta el domingo de la Fiesta de los or\u00edgenes &#8211; segundo domingo de octubre &#8211; incluidos)<\/p><ul><li>De lunes a s\u00e1bado de 09: 30h a 14: 00h y de 16: 00h a 19,00h<\/li><li>Domingos de 09: 30h a 14: 00h \/ tarde cerrado.<\/li><\/ul><p><strong>TEMPORADA ALTA<\/strong> (desde el lunes de la tercera semana de junio hasta el domingo de la segunda semana de septiembre -ninguna de semana del D\u00eda de Catalu\u00f1a- incluidos)<\/p><ul><li>De lunes a domingo de 09: 30h a 14: 00h y de 17: 00h a 20: 00h<\/li><\/ul><p><em><strong>El horario de los Puentes y Festivos ser\u00e1 de jornada completa y el correspondiente a cada temporada excepto el lunes de Pascua, el d\u00eda 12 de octubre y el 8 de diciembre que ser\u00e1 de 09: 30h a 14: 00h.<\/strong><\/em><\/p><p><em><strong>La oficina permanecer\u00e1 cerrada los d\u00edas 24, 25, 26 y 31 de diciembre, y el 1 y el 6 de enero.<\/strong><\/em><\/p>\t\t\t\t\t<\/div>\n\t\t\t\t\t\t<\/div>\n\t\t\t\t<\/div>\n\t\t\t\t\t\t<\/div>\n\t\t\t\t\t<\/div>\n\t\t<\/div>\n\t\t\t\t<div class=\"elementor-column elementor-col-66 elementor-top-column elementor-element elementor-element-a7aa04b\" data-id=\"a7aa04b\" data-element_type=\"column\">\n\t\t\t<div class=\"elementor-column-wrap elementor-element-populated\">\n\t\t\t\t\t\t\t<div class=\"elementor-widget-wrap\">\n\t\t\t\t\t\t<div class=\"elementor-element elementor-element-f2c5f4b elementor-widget elementor-widget-shortcode\" data-id=\"f2c5f4b\" data-element_type=\"widget\" data-widget_type=\"shortcode.default\">\n\t\t\t\t<div class=\"elementor-widget-container\">\n\t\t\t\t\t<div class=\"elementor-shortcode\">\n<div class=\"wpcf7 no-js\" id=\"wpcf7-f880-o1\" lang=\"ca\" dir=\"ltr\">\n<div class=\"screen-reader-response\"><p role=\"status\" aria-live=\"polite\" aria-atomic=\"true\"><\/p> <ul><\/ul><\/div>\n<form action=\"\/es\/wp-json\/wp\/v2\/pages\/3205#wpcf7-f880-o1\" method=\"post\" class=\"wpcf7-form init wpcf7-acceptance-as-validation\" aria-label=\"Formulari de contacte\" novalidate=\"novalidate\" data-status=\"init\">\n<div style=\"display: none;\">\n<input type=\"hidden\" name=\"_wpcf7\" value=\"880\" \/>\n<input type=\"hidden\" name=\"_wpcf7_version\" value=\"5.7.5.1\" \/>\n<input type=\"hidden\" name=\"_wpcf7_locale\" value=\"ca\" \/>\n<input type=\"hidden\" name=\"_wpcf7_unit_tag\" value=\"wpcf7-f880-o1\" \/>\n<input type=\"hidden\" name=\"_wpcf7_container_post\" value=\"0\" \/>\n<input type=\"hidden\" name=\"_wpcf7_posted_data_hash\" value=\"\" \/>\n<input type=\"hidden\" name=\"_wpcf7_recaptcha_response\" value=\"\" \/>\n<\/div>\n<p><label> El nom<br \/>\n<span class=\"wpcf7-form-control-wrap\" data-name=\"your-name\"><input size=\"40\" class=\"wpcf7-form-control wpcf7-text wpcf7-validates-as-required\" aria-required=\"true\" aria-invalid=\"false\" value=\"\" type=\"text\" name=\"your-name\" \/><\/span> <\/label>\n<\/p>\n<p><label> El correu electr\u00f2nic<br \/>\n<span class=\"wpcf7-form-control-wrap\" data-name=\"your-email\"><input size=\"40\" class=\"wpcf7-form-control wpcf7-text wpcf7-email wpcf7-validates-as-required wpcf7-validates-as-email\" aria-required=\"true\" aria-invalid=\"false\" value=\"\" type=\"email\" name=\"your-email\" \/><\/span> <\/label>\n<\/p>\n<p><label> Assumpte<br \/>\n<span class=\"wpcf7-form-control-wrap\" data-name=\"your-subject\"><input size=\"40\" class=\"wpcf7-form-control wpcf7-text\" aria-invalid=\"false\" value=\"\" type=\"text\" name=\"your-subject\" \/><\/span> <\/label>\n<\/p>\n<p><label> El missatge<br \/>\n<span class=\"wpcf7-form-control-wrap\" data-name=\"your-message\"><textarea cols=\"40\" rows=\"10\" class=\"wpcf7-form-control wpcf7-textarea\" aria-invalid=\"false\" name=\"your-message\"><\/textarea><\/span> <\/label>\n<\/p>\n<p><span class=\"wpcf7-form-control-wrap\" data-name=\"acceptance-100\"><span class=\"wpcf7-form-control wpcf7-acceptance\"><span class=\"wpcf7-list-item\"><label><input type=\"checkbox\" name=\"acceptance-100\" value=\"1\" aria-invalid=\"false\" \/><span class=\"wpcf7-list-item-label\">Accepto l'<a href=\"https:\/\/turismelarapita.cat\/avis-legal\/\" target=\"_blank\">Aviso legal<\/a> i la <a href=\"https:\/\/turismelarapita.cat\/politica-de-privacitat\/\" target=\"_blank\">Pol\u00edtica de privacidad<\/a>.<\/span><\/label><\/span><\/span><\/span>\n<\/p>\n<div class=\"wpcf7-response-output\" aria-hidden=\"true\"><\/div>\n<p><input class=\"wpcf7-form-control has-spinner wpcf7-submit\" type=\"submit\" value=\"Envia\" \/>\n<\/p>\n<\/form>\n<\/div>\n<\/div>\n\t\t\t\t<\/div>\n\t\t\t\t<\/div>\n\t\t\t\t\t\t<\/div>\n\t\t\t\t\t<\/div>\n\t\t<\/div>\n\t\t\t\t\t\t\t\t<\/div>\n\t\t\t\t\t<\/div>\n\t\t<\/section>\n\t\t\t\t\t\t<\/div>\n\t\t\t\t\t\t<\/div>\n\t\t\t\t\t<\/div>\n\t\t","protected":false},"excerpt":{"rendered":"<p>Parc del Garb\u00ed s\/n 43540 La R\u00e0pita 977 744 624 turisme@larapita.cat Horario de atenci\u00f3n al p\u00fablico TEMPORADA BAJA\u00a0(desde el lunes siguiente a la finalizaci\u00f3n de la fiesta de los Or\u00edgenes, el jueves previo a la Semana Santa (viernes anterior al Domingo de Ramos). De lunes a viernes de 09: 30h a 14: 00h y de &hellip;<\/p>\n<p class=\"read-more\"> <a class=\"\" href=\"https:\/\/turismelarapita.cat\/es\/contacto\/\"> <span class=\"screen-reader-text\">Contacto<\/span> Leer m\u00e1s &raquo;<\/a><\/p>\n","protected":false},"author":2,"featured_media":0,"parent":0,"menu_order":0,"comment_status":"closed","ping_status":"closed","template":"elementor_header_footer","meta":{"_joinchat":[]},"yoast_head":"<!-- This site is optimized with the Yoast SEO plugin v20.5 - https:\/\/yoast.com\/wordpress\/plugins\/seo\/ -->\n<title>Contacto - Turisme La R\u00e0pita<\/title>\n<meta name=\"robots\" content=\"index, follow, max-snippet:-1, max-image-preview:large, max-video-preview:-1\" \/>\n<link rel=\"canonical\" href=\"https:\/\/turismelarapita.cat\/es\/contacto\/\" \/>\n<meta property=\"og:locale\" content=\"es_ES\" \/>\n<meta property=\"og:type\" content=\"article\" \/>\n<meta property=\"og:title\" content=\"Contacto - Turisme La R\u00e0pita\" \/>\n<meta property=\"og:description\" content=\"Parc del Garb\u00ed s\/n 43540 La R\u00e0pita 977 744 624 turisme@larapita.cat Horario de atenci\u00f3n al p\u00fablico TEMPORADA BAJA\u00a0(desde el lunes siguiente a la finalizaci\u00f3n de la fiesta de los Or\u00edgenes, el jueves previo a la Semana Santa (viernes anterior al Domingo de Ramos). De lunes a viernes de 09: 30h a 14: 00h y de &hellip; Contacto Leer m\u00e1s &raquo;\" \/>\n<meta property=\"og:url\" content=\"https:\/\/turismelarapita.cat\/es\/contacto\/\" \/>\n<meta property=\"og:site_name\" content=\"Turisme La R\u00e0pita\" \/>\n<meta property=\"article:modified_time\" content=\"2021-06-18T10:35:15+00:00\" \/>\n<meta property=\"og:image\" content=\"https:\/\/turismelarapita.cat\/wp-content\/uploads\/2020\/11\/separacio-1.svg\" \/>\n<meta name=\"twitter:card\" content=\"summary_large_image\" \/>\n<meta name=\"twitter:label1\" content=\"Tiempo de lectura\" \/>\n\t<meta name=\"twitter:data1\" content=\"2 minutos\" \/>\n<script type=\"application\/ld+json\" class=\"yoast-schema-graph\">{\"@context\":\"https:\/\/schema.org\",\"@graph\":[{\"@type\":\"WebPage\",\"@id\":\"https:\/\/turismelarapita.cat\/es\/contacto\/\",\"url\":\"https:\/\/turismelarapita.cat\/es\/contacto\/\",\"name\":\"Contacto - Turisme La R\u00e0pita\",\"isPartOf\":{\"@id\":\"https:\/\/turismelarapita.cat\/#website\"},\"datePublished\":\"2021-06-18T10:31:54+00:00\",\"dateModified\":\"2021-06-18T10:35:15+00:00\",\"breadcrumb\":{\"@id\":\"https:\/\/turismelarapita.cat\/es\/contacto\/#breadcrumb\"},\"inLanguage\":\"es\",\"potentialAction\":[{\"@type\":\"ReadAction\",\"target\":[\"https:\/\/turismelarapita.cat\/es\/contacto\/\"]}]},{\"@type\":\"BreadcrumbList\",\"@id\":\"https:\/\/turismelarapita.cat\/es\/contacto\/#breadcrumb\",\"itemListElement\":[{\"@type\":\"ListItem\",\"position\":1,\"name\":\"Inici\",\"item\":\"https:\/\/turismelarapita.cat\/es\/\"},{\"@type\":\"ListItem\",\"position\":2,\"name\":\"Contacto\"}]},{\"@type\":\"WebSite\",\"@id\":\"https:\/\/turismelarapita.cat\/#website\",\"url\":\"https:\/\/turismelarapita.cat\/\",\"name\":\"Turisme La R\u00e0pita\",\"description\":\"Un altre lloc gestionat amb el WordPress\",\"publisher\":{\"@id\":\"https:\/\/turismelarapita.cat\/#organization\"},\"potentialAction\":[{\"@type\":\"SearchAction\",\"target\":{\"@type\":\"EntryPoint\",\"urlTemplate\":\"https:\/\/turismelarapita.cat\/?s={search_term_string}\"},\"query-input\":\"required name=search_term_string\"}],\"inLanguage\":\"es\"},{\"@type\":\"Organization\",\"@id\":\"https:\/\/turismelarapita.cat\/#organization\",\"name\":\"Turisme La R\u00e0pita\",\"url\":\"https:\/\/turismelarapita.cat\/\",\"logo\":{\"@type\":\"ImageObject\",\"inLanguage\":\"es\",\"@id\":\"https:\/\/turismelarapita.cat\/#\/schema\/logo\/image\/\",\"url\":\"https:\/\/turismelarapita.cat\/wp-content\/uploads\/2020\/11\/logo-blanc.svg\",\"contentUrl\":\"https:\/\/turismelarapita.cat\/wp-content\/uploads\/2020\/11\/logo-blanc.svg\",\"caption\":\"Turisme La R\u00e0pita\"},\"image\":{\"@id\":\"https:\/\/turismelarapita.cat\/#\/schema\/logo\/image\/\"}}]}<\/script>\n<!-- \/ Yoast SEO plugin. -->","yoast_head_json":{"title":"Contacto - Turisme La R\u00e0pita","robots":{"index":"index","follow":"follow","max-snippet":"max-snippet:-1","max-image-preview":"max-image-preview:large","max-video-preview":"max-video-preview:-1"},"canonical":"https:\/\/turismelarapita.cat\/es\/contacto\/","og_locale":"es_ES","og_type":"article","og_title":"Contacto - Turisme La R\u00e0pita","og_description":"Parc del Garb\u00ed s\/n 43540 La R\u00e0pita 977 744 624 turisme@larapita.cat Horario de atenci\u00f3n al p\u00fablico TEMPORADA BAJA\u00a0(desde el lunes siguiente a la finalizaci\u00f3n de la fiesta de los Or\u00edgenes, el jueves previo a la Semana Santa (viernes anterior al Domingo de Ramos). De lunes a viernes de 09: 30h a 14: 00h y de &hellip; Contacto Leer m\u00e1s &raquo;","og_url":"https:\/\/turismelarapita.cat\/es\/contacto\/","og_site_name":"Turisme La R\u00e0pita","article_modified_time":"2021-06-18T10:35:15+00:00","og_image":[{"url":"https:\/\/turismelarapita.cat\/wp-content\/uploads\/2020\/11\/separacio-1.svg"}],"twitter_card":"summary_large_image","twitter_misc":{"Tiempo de lectura":"2 minutos"},"schema":{"@context":"https:\/\/schema.org","@graph":[{"@type":"WebPage","@id":"https:\/\/turismelarapita.cat\/es\/contacto\/","url":"https:\/\/turismelarapita.cat\/es\/contacto\/","name":"Contacto - Turisme La R\u00e0pita","isPartOf":{"@id":"https:\/\/turismelarapita.cat\/#website"},"datePublished":"2021-06-18T10:31:54+00:00","dateModified":"2021-06-18T10:35:15+00:00","breadcrumb":{"@id":"https:\/\/turismelarapita.cat\/es\/contacto\/#breadcrumb"},"inLanguage":"es","potentialAction":[{"@type":"ReadAction","target":["https:\/\/turismelarapita.cat\/es\/contacto\/"]}]},{"@type":"BreadcrumbList","@id":"https:\/\/turismelarapita.cat\/es\/contacto\/#breadcrumb","itemListElement":[{"@type":"ListItem","position":1,"name":"Inici","item":"https:\/\/turismelarapita.cat\/es\/"},{"@type":"ListItem","position":2,"name":"Contacto"}]},{"@type":"WebSite","@id":"https:\/\/turismelarapita.cat\/#website","url":"https:\/\/turismelarapita.cat\/","name":"Turisme La R\u00e0pita","description":"Un altre lloc gestionat amb el WordPress","publisher":{"@id":"https:\/\/turismelarapita.cat\/#organization"},"potentialAction":[{"@type":"SearchAction","target":{"@type":"EntryPoint","urlTemplate":"https:\/\/turismelarapita.cat\/?s={search_term_string}"},"query-input":"required name=search_term_string"}],"inLanguage":"es"},{"@type":"Organization","@id":"https:\/\/turismelarapita.cat\/#organization","name":"Turisme La R\u00e0pita","url":"https:\/\/turismelarapita.cat\/","logo":{"@type":"ImageObject","inLanguage":"es","@id":"https:\/\/turismelarapita.cat\/#\/schema\/logo\/image\/","url":"https:\/\/turismelarapita.cat\/wp-content\/uploads\/2020\/11\/logo-blanc.svg","contentUrl":"https:\/\/turismelarapita.cat\/wp-content\/uploads\/2020\/11\/logo-blanc.svg","caption":"Turisme La R\u00e0pita"},"image":{"@id":"https:\/\/turismelarapita.cat\/#\/schema\/logo\/image\/"}}]}},"_links":{"self":[{"href":"https:\/\/turismelarapita.cat\/es\/wp-json\/wp\/v2\/pages\/3205"}],"collection":[{"href":"https:\/\/turismelarapita.cat\/es\/wp-json\/wp\/v2\/pages"}],"about":[{"href":"https:\/\/turismelarapita.cat\/es\/wp-json\/wp\/v2\/types\/page"}],"author":[{"embeddable":true,"href":"https:\/\/turismelarapita.cat\/es\/wp-json\/wp\/v2\/users\/2"}],"replies":[{"embeddable":true,"href":"https:\/\/turismelarapita.cat\/es\/wp-json\/wp\/v2\/comments?post=3205"}],"version-history":[{"count":4,"href":"https:\/\/turismelarapita.cat\/es\/wp-json\/wp\/v2\/pages\/3205\/revisions"}],"predecessor-version":[{"id":3210,"href":"https:\/\/turismelarapita.cat\/es\/wp-json\/wp\/v2\/pages\/3205\/revisions\/3210"}],"wp:attachment":[{"href":"https:\/\/turismelarapita.cat\/es\/wp-json\/wp\/v2\/media?parent=3205"}],"curies":[{"name":"wp","href":"https:\/\/api.w.org\/{rel}","templated":true}]}}